{"id":462,"date":"2024-07-05T13:42:51","date_gmt":"2024-07-05T11:42:51","guid":{"rendered":"https:\/\/acsadvocats.com\/politica-de-privadesa\/"},"modified":"2024-07-18T12:13:24","modified_gmt":"2024-07-18T10:13:24","slug":"politica-de-privadesa","status":"publish","type":"page","link":"https:\/\/acsadvocats.com\/ca\/politica-de-privadesa\/","title":{"rendered":"Pol\u00edtica de privadesa"},"content":{"rendered":"\n<div style=\"height:90px\" aria-hidden=\"true\" class=\"wp-block-spacer\"><\/div>\n\n<h1 class=\"wp-block-heading\">Pol\u00edtica de privadesa<\/h1>\n\n<p><strong>Darrera actualitzaci\u00f3 el 23 de juliol de 2024<br\/>Data de vig\u00e8ncia 23 de juliol de 2024<\/strong><\/p>\n\n<p>Aquesta Pol\u00edtica de Privadesa descriu les pol\u00edtiques d&#8217;ACS ADVOCATS, correu electr\u00f2nic: <a href=\"mailto:info@acsadvocats.com\">info@acsadvocats.com<\/a> , tel\u00e8fon: +34935398533 sobre la recopilaci\u00f3, \u00fas i divulgaci\u00f3 de la informaci\u00f3 que recopilem quan utilitza el nostre lloc web. (<a href=\"https:\/\/acsadvocats.com\/ca\/\">https:\/\/acsadvocats.com\/<\/a>). (el servei\u00bb). En accedir o utilitzar el Servei, vost\u00e8 accepta la recopilaci\u00f3, \u00fas i divulgaci\u00f3 de la seva informaci\u00f3 d&#8217;acord amb aquesta Pol\u00edtica de Privadesa. Si no accepteu el mateix, no accediu ni utilitzeu el Servei.<br\/>Podem modificar aquesta Pol\u00edtica de Privadesa en qualsevol moment sense previ av\u00eds i publicarem la Pol\u00edtica de Privadesa revisada al Servei. La Pol\u00edtica revisada entrar\u00e0 en vig\u00e8ncia 180 dies a partir de la data en qu\u00e8 es publiqui al Servei i el seu acc\u00e9s o \u00fas continu del Servei despr\u00e9s d&#8217;aquest temps constituir\u00e0 la seva acceptaci\u00f3 de la Pol\u00edtica de privadesa revisada. Per aix\u00f2 us recomanem que reviseu peri\u00f2dicament aquesta p\u00e0gina.<\/p>\n\n<p><strong>Informaci\u00f3 que recopilem:<br\/><\/strong>Recopilarem i processarem la seg\u00fcent informaci\u00f3 personal sobre vost\u00e8:<\/p>\n\n<p>Nom i cognom<br\/>Correu electr\u00f2nic<br\/>M\u00f2bil<\/p>\n\n<p><strong>Com utilitzem la vostra informaci\u00f3:<br\/><\/strong>Utilitzarem la informaci\u00f3 que recopilem sobre vost\u00e8 per a les seg\u00fcents finalitats:<\/p>\n\n<p><strong>informaci\u00f3 d&#8217;administraci\u00f3<br\/>Gestionar la comanda del client<\/strong><br\/>Si volem utilitzar la vostra informaci\u00f3 per a qualsevol altre prop\u00f2sit, us demanarem el vostre consentiment i farem servir la vostra informaci\u00f3 nom\u00e9s en rebre el vostre consentiment i despr\u00e9s, nom\u00e9s per als fins per als quals atorguem el consentiment, llevat que estiguem obligats a fer el contrari per llei.<\/p>\n\n<p><strong>Retenci\u00f3 de la vostra informaci\u00f3:<br\/><\/strong>Conservarem la vostra informaci\u00f3 personal amb nosaltres durant 90 dies a 2 anys despr\u00e9s que els usuaris cancel\u00b7lin els vostres comptes o durant el temps que la necessitem per complir els prop\u00f2sits per als quals va ser recopilada, com es detalla en aquesta Pol\u00edtica de Privadesa. \u00c9s possible que necessitem conservar certa informaci\u00f3 durant per\u00edodes m\u00e9s llargs, com ara manteniment de registres\/informes d&#8217;acord amb la llei aplicable o per altres raons leg\u00edtimes com el compliment de drets legals, prevenci\u00f3 de frau, etc. Informaci\u00f3 an\u00f2nima residual i informaci\u00f3 agregada, cap de les quals ho identifica. (directa o indirectament), es poden emmagatzemar indefinidament.<\/p>\n\n<p><strong>Els teus drets:<br\/><\/strong>Depenent de la llei que s&#8217;apliqui, podeu tenir dret a accedir i rectificar o esborrar les vostres dades personals o rebre una c\u00f2pia de les vostres dades personals, restringir o oposar-vos al processament actiu de les vostres dades, sol\u00b7licitar-nos que compartim (portem) les vostres dades personals. informaci\u00f3 a una altra entitat, retirar qualsevol consentiment que ens hagi brindat per processar les seves dades, el dret a presentar una queixa davant d&#8217;una autoritat legal i altres drets que puguin ser rellevants segons les lleis aplicables. Per exercir aquests drets, podeu escriure&#8217;ns a <a href=\"mailto:info@acsadvocats.com\">info@acsadvocats.com<\/a>. Respondrem la vostra sol\u00b7licitud d&#8217;acord amb la llei aplicable.<br\/>Tingueu en compte que si no ens permet recopilar o processar la informaci\u00f3 personal requerida o retirar el consentiment per processar-la per als fins requerits, \u00e9s possible que no pugueu accedir ni utilitzar els serveis per als quals es va buscar la seva informaci\u00f3.<\/p>\n\n<p><strong>Cookies<br\/><\/strong>Para obtener m\u00e1s informaci\u00f3n sobre c\u00f3mo las utilizamos y sus opciones en relaci\u00f3n con estas tecnolog\u00edas de seguimiento, consulte nuestra <a href=\"https:\/\/acsadvocats.com\/ca\/politica-de-cookies\/\">Pol\u00edtica de cookies<\/a>.<\/p>\n\n<p><strong>Seguretat:<br\/><\/strong>La seguretat de la vostra informaci\u00f3 \u00e9s important per a nosaltres i utilitzarem mesures de seguretat raonables per evitar la p\u00e8rdua, l&#8217;\u00fas indegut o l&#8217;alteraci\u00f3 no autoritzada de la vostra informaci\u00f3 sota el nostre control. No obstant aix\u00f2, atesos els riscos inherents, no podem garantir una seguretat absoluta i, en conseq\u00fc\u00e8ncia, no podem assegurar ni garantir la seguretat de la informaci\u00f3 que ens transmet i ho fa sota el seu propi risc.<\/p>\n\n<p><strong>Delegat de Queixes\/Protecci\u00f3 de Dades:<br\/><\/strong>Si teniu alguna consulta o inquietud sobre el processament de la vostra informaci\u00f3 que est\u00e0 disponible amb nosaltres, podeu enviar un correu electr\u00f2nic al nostre Oficial de queixes a ACS ADVOCATS, correu electr\u00f2nic: <a href=\"https:\/\/acsadvocats.com\/ca\/\"><\/a><a href=\"mailto:info@acsadvocats.com\">info@acsadvocats.com<\/a> Atendrem les vostres inquietuds d&#8217;acord amb la llei aplicable.<\/p>\n","protected":false},"excerpt":{"rendered":"<p>Pol\u00edtica de privadesa Darrera actualitzaci\u00f3 el 23 de juliol de 2024Data de vig\u00e8ncia 23 de juliol de 2024 Aquesta Pol\u00edtica de Privadesa descriu les pol\u00edtiques d&#8217;ACS<span class=\"excerpt-hellip\"> [\u2026]<\/span><\/p>\n","protected":false},"author":1,"featured_media":0,"parent":0,"menu_order":0,"comment_status":"closed","ping_status":"closed","template":"","meta":{"footnotes":""},"class_list":["post-462","page","type-page","status-publish","hentry"],"_links":{"self":[{"href":"https:\/\/acsadvocats.com\/ca\/wp-json\/wp\/v2\/pages\/462","targetHints":{"allow":["GET"]}}],"collection":[{"href":"https:\/\/acsadvocats.com\/ca\/wp-json\/wp\/v2\/pages"}],"about":[{"href":"https:\/\/acsadvocats.com\/ca\/wp-json\/wp\/v2\/types\/page"}],"author":[{"embeddable":true,"href":"https:\/\/acsadvocats.com\/ca\/wp-json\/wp\/v2\/users\/1"}],"replies":[{"embeddable":true,"href":"https:\/\/acsadvocats.com\/ca\/wp-json\/wp\/v2\/comments?post=462"}],"version-history":[{"count":1,"href":"https:\/\/acsadvocats.com\/ca\/wp-json\/wp\/v2\/pages\/462\/revisions"}],"predecessor-version":[{"id":463,"href":"https:\/\/acsadvocats.com\/ca\/wp-json\/wp\/v2\/pages\/462\/revisions\/463"}],"wp:attachment":[{"href":"https:\/\/acsadvocats.com\/ca\/wp-json\/wp\/v2\/media?parent=462"}],"curies":[{"name":"wp","href":"https:\/\/api.w.org\/{rel}","templated":true}]}}